{"id":17003,"date":"2015-09-21T16:22:09","date_gmt":"2015-09-21T14:22:09","guid":{"rendered":"http:\/\/www.hotel-grimentz.ch\/en\/?page_id=17003"},"modified":"2020-02-05T15:47:28","modified_gmt":"2020-02-05T14:47:28","slug":"legal-notices","status":"publish","type":"page","link":"https:\/\/www.hotel-grimentz.ch\/en\/legal-notices\/","title":{"rendered":"Legal notices"},"content":{"rendered":"\n<style type=\"text\/css\" data-created_by=\"avia_inline_auto\" id=\"style-css-av-k69feeri-5851b8d86380ba80bcef18c40b5d6a92\">\n#top .av-special-heading.av-k69feeri-5851b8d86380ba80bcef18c40b5d6a92{\npadding-bottom:30px;\n}\nbody .av-special-heading.av-k69feeri-5851b8d86380ba80bcef18c40b5d6a92 .av-special-heading-tag .heading-char{\nfont-size:25px;\n}\n.av-special-heading.av-k69feeri-5851b8d86380ba80bcef18c40b5d6a92 .av-subheading{\nfont-size:15px;\n}\n<\/style>\n<div  class='av-special-heading av-k69feeri-5851b8d86380ba80bcef18c40b5d6a92 av-special-heading-h1 blockquote modern-quote  avia-builder-el-0  el_before_av_one_third  avia-builder-el-first '><h1 class='av-special-heading-tag'  itemprop=\"headline\"  >Legal notices<\/h1><div class=\"special-heading-border\"><div class=\"special-heading-inner-border\"><\/div><\/div><\/div>\n\n<style type=\"text\/css\" data-created_by=\"avia_inline_auto\" id=\"style-css-av-3x0ckaz-75384a995a345bc499b80a0d5f369c9b\">\n.flex_column.av-3x0ckaz-75384a995a345bc499b80a0d5f369c9b{\nborder-radius:0px 0px 0px 0px;\npadding:0px 0px 0px 0px;\n}\n<\/style>\n<div  class='flex_column av-3x0ckaz-75384a995a345bc499b80a0d5f369c9b av_one_third  avia-builder-el-1  el_after_av_heading  el_before_av_two_third  first flex_column_div av-zero-column-padding  '     ><section  class='av_textblock_section av-3nbp4gb-b65172f128280ab43b81e0c1c1ad73df '   itemscope=\"itemscope\" itemtype=\"https:\/\/schema.org\/CreativeWork\" ><div class='avia_textblock'  itemprop=\"text\" ><p><strong>hotel-grimentz.ch<\/strong><\/p>\n<p>Hotel de Moiry<br \/>\nAndrea Salamin<br \/>\nRue du Village 24<br \/>\nCH-3961 Grimentz<br \/>\nSwitzerland<\/p>\n<p>info@hotel-grimentz.ch<\/p>\n<\/div><\/section><\/div>\n\n<style type=\"text\/css\" data-created_by=\"avia_inline_auto\" id=\"style-css-av-30zixnv-52d922ebc9e9f16778b5adfd56a8bd2d\">\n.flex_column.av-30zixnv-52d922ebc9e9f16778b5adfd56a8bd2d{\nborder-radius:0px 0px 0px 0px;\npadding:0px 0px 0px 0px;\n}\n<\/style>\n<div  class='flex_column av-30zixnv-52d922ebc9e9f16778b5adfd56a8bd2d av_two_third  avia-builder-el-3  el_after_av_one_third  el_before_av_one_third  flex_column_div av-zero-column-padding  '     ><section  class='av_textblock_section av-2nv5maz-e6df50b0f41df07789e948066473fd4b '   itemscope=\"itemscope\" itemtype=\"https:\/\/schema.org\/CreativeWork\" ><div class='avia_textblock'  itemprop=\"text\" ><p><strong>Fotos<br \/>\n<\/strong>\u00a9 Aurel Salamin, \u00a9 Hotel de Moiry<\/p>\n<p><strong>Videos<br \/>\n<\/strong>\u00a9 Hotel de Moiry, Arnaud de Saint M\u00e9loir, \u00a9\u00a0Ecole Suisse de Ski Grimentz\/Zinal, \u00a9\u00a0Office du Tourisme Val d&#8217;Anniviers<\/p>\n<\/div><\/section><\/div>\n\n<style type=\"text\/css\" data-created_by=\"avia_inline_auto\" id=\"style-css-av-22dae7f-aba18988d5616fe0cb238b705d0277e6\">\n.flex_column.av-22dae7f-aba18988d5616fe0cb238b705d0277e6{\nborder-radius:0px 0px 0px 0px;\npadding:0px 0px 0px 0px;\n}\n<\/style>\n<div  class='flex_column av-22dae7f-aba18988d5616fe0cb238b705d0277e6 av_one_third  avia-builder-el-5  el_after_av_two_third  el_before_av_two_third  first flex_column_div av-zero-column-padding  column-top-margin'     ><p><section  class='av_textblock_section av-1p8fxkb-36098f9c0ceb3978509cfb0705164977 '   itemscope=\"itemscope\" itemtype=\"https:\/\/schema.org\/CreativeWork\" ><div class='avia_textblock'  itemprop=\"text\" ><p><a href=\"https:\/\/www.ritzy.ch\"><img decoding=\"async\" class=\"alignleft wp-image-16934\" title=\"www.ritzy.ch\" src=\"https:\/\/www.hotel-grimentz.ch\/demoiry\/wp-content\/uploads\/logo-Ritzy.png\" alt=\"Logo Ritzy\" width=\"60\" height=\"94\" \/><br \/>\n<\/a><\/p>\n<\/div><\/section><br \/>\n<section  class='av_textblock_section av-1726owb-32caf85d40685b72bcb65b49476132f1 '   itemscope=\"itemscope\" itemtype=\"https:\/\/schema.org\/CreativeWork\" ><div class='avia_textblock'  itemprop=\"text\" ><p><strong>ritzy*<\/strong><br \/>\nValais continuing education for\u00a0the hotel and restaurant industry<br \/>\n<a href=\"https:\/\/www.ritzy.ch\/\" target=\"_blank\" rel=\"noopener noreferrer\">www.ritzy.ch<\/a><\/p>\n<\/div><\/section><\/p><\/div>\n\n<style type=\"text\/css\" data-created_by=\"avia_inline_auto\" id=\"style-css-av-mxk0iz-65d6374d8cac834618330e539266d140\">\n.flex_column.av-mxk0iz-65d6374d8cac834618330e539266d140{\nborder-radius:0px 0px 0px 0px;\npadding:0px 0px 0px 0px;\n}\n<\/style>\n<div  class='flex_column av-mxk0iz-65d6374d8cac834618330e539266d140 av_two_third  avia-builder-el-8  el_after_av_one_third  avia-builder-el-last  flex_column_div av-zero-column-padding  column-top-margin'     ><section  class='av_textblock_section av-k0cas679-964509ccbb281a2559ca470345feded6 '   itemscope=\"itemscope\" itemtype=\"https:\/\/schema.org\/CreativeWork\" ><div class='avia_textblock'  itemprop=\"text\" ><p><strong><a href=\"https:\/\/artesmedia.ch\" target=\"_blank\" rel=\"noopener noreferrer\">artesmedia.ch<\/a><br \/>\n<\/strong>Webdesign \/ Graphic design<\/p>\n<p><a href=\"https:\/\/www.zebmarketing.ch\/\" target=\"_blank\" rel=\"noopener noreferrer\"><strong>zebmarketing.ch<\/strong><\/a><br \/>\nOnline marketing \/ Social media<\/p>\n<p><a href=\"https:\/\/www.netoko.ch\" target=\"_blank\" rel=\"noopener noreferrer\"><strong>netoko.ch<\/strong><\/a><br \/>\nSearch engine optimization<\/p>\n<\/div><\/section><\/div>\n","protected":false},"excerpt":{"rendered":"","protected":false},"author":4,"featured_media":0,"parent":0,"menu_order":111,"comment_status":"closed","ping_status":"closed","template":"","meta":{"footnotes":"","_links_to":"","_links_to_target":""},"class_list":["post-17003","page","type-page","status-publish","hentry"],"yoast_head":"<!-- This site is optimized with the Yoast SEO plugin v27.5 - https:\/\/yoast.com\/product\/yoast-seo-wordpress\/ -->\n<title>Mentions l\u00e9gales - H\u00f4tel de Moiry \u00e0 Grimentz - Coeur du Valais<\/title>\n<meta name=\"description\" content=\"Mentions l\u00e9gales - H\u00f4tel de Moiry \u00e0 Grimentz - Val d&#039;Anniviers au coeur du Valais\" \/>\n<meta name=\"robots\" content=\"index, follow, max-snippet:-1, max-image-preview:large, max-video-preview:-1\" \/>\n<link rel=\"canonical\" href=\"https:\/\/www.hotel-grimentz.ch\/en\/legal-notices\/\" \/>\n<meta property=\"og:locale\" content=\"en_US\" \/>\n<meta property=\"og:type\" content=\"article\" \/>\n<meta property=\"og:title\" content=\"Mentions l\u00e9gales - H\u00f4tel de Moiry \u00e0 Grimentz - Coeur du Valais\" \/>\n<meta property=\"og:description\" content=\"Mentions l\u00e9gales - H\u00f4tel de Moiry \u00e0 Grimentz - Val d&#039;Anniviers au coeur du Valais\" \/>\n<meta property=\"og:url\" content=\"https:\/\/www.hotel-grimentz.ch\/en\/legal-notices\/\" \/>\n<meta property=\"og:site_name\" content=\"H\u00f4tel *** Restaurant de Moiry\" \/>\n<meta property=\"article:modified_time\" content=\"2020-02-05T14:47:28+00:00\" \/>\n<meta property=\"og:image\" content=\"https:\/\/www.hotel-grimentz.ch\/demoiry\/wp-content\/uploads\/logo-Ritzy.png\" \/>\n<meta name=\"twitter:card\" content=\"summary_large_image\" \/>\n<meta name=\"twitter:label1\" content=\"Est. reading time\" \/>\n\t<meta name=\"twitter:data1\" content=\"2 minutes\" \/>\n<script type=\"application\/ld+json\" class=\"yoast-schema-graph\">{\"@context\":\"https:\\\/\\\/schema.org\",\"@graph\":[{\"@type\":\"WebPage\",\"@id\":\"https:\\\/\\\/www.hotel-grimentz.ch\\\/en\\\/legal-notices\\\/\",\"url\":\"https:\\\/\\\/www.hotel-grimentz.ch\\\/en\\\/legal-notices\\\/\",\"name\":\"Mentions l\u00e9gales - H\u00f4tel de Moiry \u00e0 Grimentz - Coeur du Valais\",\"isPartOf\":{\"@id\":\"https:\\\/\\\/www.hotel-grimentz.ch\\\/#website\"},\"primaryImageOfPage\":{\"@id\":\"https:\\\/\\\/www.hotel-grimentz.ch\\\/en\\\/legal-notices\\\/#primaryimage\"},\"image\":{\"@id\":\"https:\\\/\\\/www.hotel-grimentz.ch\\\/en\\\/legal-notices\\\/#primaryimage\"},\"thumbnailUrl\":\"https:\\\/\\\/www.hotel-grimentz.ch\\\/demoiry\\\/wp-content\\\/uploads\\\/logo-Ritzy.png\",\"datePublished\":\"2015-09-21T14:22:09+00:00\",\"dateModified\":\"2020-02-05T14:47:28+00:00\",\"description\":\"Mentions l\u00e9gales - H\u00f4tel de Moiry \u00e0 Grimentz - Val d'Anniviers au coeur du Valais\",\"breadcrumb\":{\"@id\":\"https:\\\/\\\/www.hotel-grimentz.ch\\\/en\\\/legal-notices\\\/#breadcrumb\"},\"inLanguage\":\"en-US\",\"potentialAction\":[{\"@type\":\"ReadAction\",\"target\":[\"https:\\\/\\\/www.hotel-grimentz.ch\\\/en\\\/legal-notices\\\/\"]}]},{\"@type\":\"ImageObject\",\"inLanguage\":\"en-US\",\"@id\":\"https:\\\/\\\/www.hotel-grimentz.ch\\\/en\\\/legal-notices\\\/#primaryimage\",\"url\":\"https:\\\/\\\/www.hotel-grimentz.ch\\\/demoiry\\\/wp-content\\\/uploads\\\/logo-Ritzy.png\",\"contentUrl\":\"https:\\\/\\\/www.hotel-grimentz.ch\\\/demoiry\\\/wp-content\\\/uploads\\\/logo-Ritzy.png\"},{\"@type\":\"BreadcrumbList\",\"@id\":\"https:\\\/\\\/www.hotel-grimentz.ch\\\/en\\\/legal-notices\\\/#breadcrumb\",\"itemListElement\":[{\"@type\":\"ListItem\",\"position\":1,\"name\":\"Startseite\",\"item\":\"https:\\\/\\\/www.hotel-grimentz.ch\\\/en\\\/\"},{\"@type\":\"ListItem\",\"position\":2,\"name\":\"Legal notices\"}]},{\"@type\":\"WebSite\",\"@id\":\"https:\\\/\\\/www.hotel-grimentz.ch\\\/#website\",\"url\":\"https:\\\/\\\/www.hotel-grimentz.ch\\\/\",\"name\":\"H\u00f4tel *** Restaurant de Moiry\",\"description\":\"restaurant typique des alpes valaisannes\",\"potentialAction\":[{\"@type\":\"SearchAction\",\"target\":{\"@type\":\"EntryPoint\",\"urlTemplate\":\"https:\\\/\\\/www.hotel-grimentz.ch\\\/?s={search_term_string}\"},\"query-input\":{\"@type\":\"PropertyValueSpecification\",\"valueRequired\":true,\"valueName\":\"search_term_string\"}}],\"inLanguage\":\"en-US\"}]}<\/script>\n<!-- \/ Yoast SEO plugin. -->","yoast_head_json":{"title":"Mentions l\u00e9gales - H\u00f4tel de Moiry \u00e0 Grimentz - Coeur du Valais","description":"Mentions l\u00e9gales - H\u00f4tel de Moiry \u00e0 Grimentz - Val d'Anniviers au coeur du Valais","robots":{"index":"index","follow":"follow","max-snippet":"max-snippet:-1","max-image-preview":"max-image-preview:large","max-video-preview":"max-video-preview:-1"},"canonical":"https:\/\/www.hotel-grimentz.ch\/en\/legal-notices\/","og_locale":"en_US","og_type":"article","og_title":"Mentions l\u00e9gales - H\u00f4tel de Moiry \u00e0 Grimentz - Coeur du Valais","og_description":"Mentions l\u00e9gales - H\u00f4tel de Moiry \u00e0 Grimentz - Val d'Anniviers au coeur du Valais","og_url":"https:\/\/www.hotel-grimentz.ch\/en\/legal-notices\/","og_site_name":"H\u00f4tel *** Restaurant de Moiry","article_modified_time":"2020-02-05T14:47:28+00:00","og_image":[{"url":"https:\/\/www.hotel-grimentz.ch\/demoiry\/wp-content\/uploads\/logo-Ritzy.png","type":"","width":"","height":""}],"twitter_card":"summary_large_image","twitter_misc":{"Est. reading time":"2 minutes"},"schema":{"@context":"https:\/\/schema.org","@graph":[{"@type":"WebPage","@id":"https:\/\/www.hotel-grimentz.ch\/en\/legal-notices\/","url":"https:\/\/www.hotel-grimentz.ch\/en\/legal-notices\/","name":"Mentions l\u00e9gales - H\u00f4tel de Moiry \u00e0 Grimentz - Coeur du Valais","isPartOf":{"@id":"https:\/\/www.hotel-grimentz.ch\/#website"},"primaryImageOfPage":{"@id":"https:\/\/www.hotel-grimentz.ch\/en\/legal-notices\/#primaryimage"},"image":{"@id":"https:\/\/www.hotel-grimentz.ch\/en\/legal-notices\/#primaryimage"},"thumbnailUrl":"https:\/\/www.hotel-grimentz.ch\/demoiry\/wp-content\/uploads\/logo-Ritzy.png","datePublished":"2015-09-21T14:22:09+00:00","dateModified":"2020-02-05T14:47:28+00:00","description":"Mentions l\u00e9gales - H\u00f4tel de Moiry \u00e0 Grimentz - Val d'Anniviers au coeur du Valais","breadcrumb":{"@id":"https:\/\/www.hotel-grimentz.ch\/en\/legal-notices\/#breadcrumb"},"inLanguage":"en-US","potentialAction":[{"@type":"ReadAction","target":["https:\/\/www.hotel-grimentz.ch\/en\/legal-notices\/"]}]},{"@type":"ImageObject","inLanguage":"en-US","@id":"https:\/\/www.hotel-grimentz.ch\/en\/legal-notices\/#primaryimage","url":"https:\/\/www.hotel-grimentz.ch\/demoiry\/wp-content\/uploads\/logo-Ritzy.png","contentUrl":"https:\/\/www.hotel-grimentz.ch\/demoiry\/wp-content\/uploads\/logo-Ritzy.png"},{"@type":"BreadcrumbList","@id":"https:\/\/www.hotel-grimentz.ch\/en\/legal-notices\/#breadcrumb","itemListElement":[{"@type":"ListItem","position":1,"name":"Startseite","item":"https:\/\/www.hotel-grimentz.ch\/en\/"},{"@type":"ListItem","position":2,"name":"Legal notices"}]},{"@type":"WebSite","@id":"https:\/\/www.hotel-grimentz.ch\/#website","url":"https:\/\/www.hotel-grimentz.ch\/","name":"H\u00f4tel *** Restaurant de Moiry","description":"restaurant typique des alpes valaisannes","potentialAction":[{"@type":"SearchAction","target":{"@type":"EntryPoint","urlTemplate":"https:\/\/www.hotel-grimentz.ch\/?s={search_term_string}"},"query-input":{"@type":"PropertyValueSpecification","valueRequired":true,"valueName":"search_term_string"}}],"inLanguage":"en-US"}]}},"publishpress_future_action":{"enabled":false,"date":"2026-05-07 02:13:11","action":"change-status","newStatus":"draft","terms":[],"taxonomy":"translation_priority","extraData":[]},"publishpress_future_workflow_manual_trigger":{"enabledWorkflows":[]},"_links":{"self":[{"href":"https:\/\/www.hotel-grimentz.ch\/en\/wp-json\/wp\/v2\/pages\/17003","targetHints":{"allow":["GET"]}}],"collection":[{"href":"https:\/\/www.hotel-grimentz.ch\/en\/wp-json\/wp\/v2\/pages"}],"about":[{"href":"https:\/\/www.hotel-grimentz.ch\/en\/wp-json\/wp\/v2\/types\/page"}],"author":[{"embeddable":true,"href":"https:\/\/www.hotel-grimentz.ch\/en\/wp-json\/wp\/v2\/users\/4"}],"replies":[{"embeddable":true,"href":"https:\/\/www.hotel-grimentz.ch\/en\/wp-json\/wp\/v2\/comments?post=17003"}],"version-history":[{"count":4,"href":"https:\/\/www.hotel-grimentz.ch\/en\/wp-json\/wp\/v2\/pages\/17003\/revisions"}],"predecessor-version":[{"id":22699,"href":"https:\/\/www.hotel-grimentz.ch\/en\/wp-json\/wp\/v2\/pages\/17003\/revisions\/22699"}],"wp:attachment":[{"href":"https:\/\/www.hotel-grimentz.ch\/en\/wp-json\/wp\/v2\/media?parent=17003"}],"curies":[{"name":"wp","href":"https:\/\/api.w.org\/{rel}","templated":true}]}}