{"id":17225,"date":"2015-09-25T11:26:21","date_gmt":"2015-09-25T09:26:21","guid":{"rendered":"http:\/\/www.hotel-grimentz.ch\/de\/?page_id=17225"},"modified":"2025-09-10T00:39:12","modified_gmt":"2025-09-09T22:39:12","slug":"zimmer","status":"publish","type":"page","link":"https:\/\/www.hotel-grimentz.ch\/de\/zimmer\/","title":{"rendered":"Unsere Hotelzimmer"},"content":{"rendered":"\n<style type=\"text\/css\" data-created_by=\"avia_inline_auto\" id=\"style-css-av-75r7q21-0007507af2771d1ebdb1b0628dfa3b98\">\n.avia-section.av-75r7q21-0007507af2771d1ebdb1b0628dfa3b98{\nbackground-repeat:no-repeat;\nbackground-image:url(https:\/\/www.hotel-grimentz.ch\/demoiry\/wp-content\/uploads\/zimmer-pic-top.jpg);\nbackground-position:50% 50%;\nbackground-attachment:scroll;\n}\n<\/style>\n<div id='av_section_1'  class='avia-section av-75r7q21-0007507af2771d1ebdb1b0628dfa3b98 main_color avia-section-default avia-no-shadow  avia-builder-el-0  el_before_av_section  avia-builder-el-first  avia-full-stretch avia-bg-style-scroll av-minimum-height av-minimum-height-custom av-height-custom  container_wrap fullsize'  data-section-bg-repeat='stretch' data-av_minimum_height_px='550'><div class='container av-section-cont-open' style='height:550px'><main  role=\"main\" itemprop=\"mainContentOfPage\"  class='template-page content  av-content-full alpha units'><div class='post-entry post-entry-type-page post-entry-17225'><div class='entry-content-wrapper clearfix'>\n<\/div><\/div><\/main><!-- close content main element --><\/div><\/div><div id='av_section_2'  class='avia-section av-2nc5wa1-87ca3c873327fb26796c982cba762bcd main_color avia-section-default avia-no-border-styling  avia-builder-el-1  el_after_av_section  avia-builder-el-last  avia-bg-style-scroll container_wrap fullsize'  ><div class='container av-section-cont-open' ><div class='template-page content  av-content-full alpha units'><div class='post-entry post-entry-type-page post-entry-17225'><div class='entry-content-wrapper clearfix'>\n\n<style type=\"text\/css\" data-created_by=\"avia_inline_auto\" id=\"style-css-av-pq8f3d-b152ae5e456772e8c1c4d5524d4d2333\">\n#top .av-special-heading.av-pq8f3d-b152ae5e456772e8c1c4d5524d4d2333{\npadding-bottom:30px;\n}\nbody .av-special-heading.av-pq8f3d-b152ae5e456772e8c1c4d5524d4d2333 .av-special-heading-tag .heading-char{\nfont-size:25px;\n}\n.av-special-heading.av-pq8f3d-b152ae5e456772e8c1c4d5524d4d2333 .av-subheading{\nfont-size:15px;\n}\n<\/style>\n<div  class='av-special-heading av-pq8f3d-b152ae5e456772e8c1c4d5524d4d2333 av-special-heading-h1 blockquote modern-quote  avia-builder-el-2  el_before_av_one_half  avia-builder-el-first '><h1 class='av-special-heading-tag'  itemprop=\"headline\"  >Zimmer im Hotel de Moiry<\/h1><div class=\"special-heading-border\"><div class=\"special-heading-inner-border\"><\/div><\/div><\/div>\n\n<style type=\"text\/css\" data-created_by=\"avia_inline_auto\" id=\"style-css-av-27l2ikp-cfc15f41f37eebdcc9a50c2158f2e5ca\">\n.flex_column.av-27l2ikp-cfc15f41f37eebdcc9a50c2158f2e5ca{\nborder-radius:0px 0px 0px 0px;\npadding:0px 0px 0px 0px;\n}\n<\/style>\n<div  class='flex_column av-27l2ikp-cfc15f41f37eebdcc9a50c2158f2e5ca av_one_half  avia-builder-el-3  el_after_av_heading  el_before_av_one_half  first av-break-at-tablet flex_column_div av-zero-column-padding  '     ><div  class='avia-slideshow av-jkpim841-a29d4a9dcce53bf9fdc7a3910fd059e2 avia-slideshow-no scaling av_slideshow avia-slide-slider  avia-builder-el-4  avia-builder-el-no-sibling  av-slideshow-ui av-control-default av-slideshow-autoplay av-loop-endless av-loop-manual-endless av-default-height-applied avia-slideshow-1' data-slideshow-options=\"{&quot;animation&quot;:&quot;slide&quot;,&quot;autoplay&quot;:true,&quot;loop_autoplay&quot;:&quot;endless&quot;,&quot;interval&quot;:5,&quot;loop_manual&quot;:&quot;manual-endless&quot;,&quot;autoplay_stopper&quot;:false,&quot;noNavigation&quot;:false,&quot;bg_slider&quot;:false,&quot;keep_padding&quot;:false,&quot;hoverpause&quot;:false,&quot;show_slide_delay&quot;:0}\"  itemprop=\"image\" itemscope=\"itemscope\" itemtype=\"https:\/\/schema.org\/ImageObject\" ><ul class='avia-slideshow-inner ' style='padding-bottom: 66.7%;'><li  class='avia-slideshow-slide av-jkpim841-a29d4a9dcce53bf9fdc7a3910fd059e2__0  slide-1 slide-odd'><div data-rel='slideshow-1' class='avia-slide-wrap '   ><img decoding=\"async\" fetchpriority=\"high\" class=\"wp-image-20983 avia-img-lazy-loading-not-20983\"  src=\"https:\/\/www.hotel-grimentz.ch\/demoiry\/wp-content\/uploads\/hotel-de-moiry-grimentz-chambre-006.jpg\" width=\"1000\" height=\"667\" title='Hotel de Moiry Grimentz - Zimmer' alt='Hotel de Moiry Grimentz - Zimmer'  itemprop=\"thumbnailUrl\" srcset=\"https:\/\/www.hotel-grimentz.ch\/demoiry\/wp-content\/uploads\/hotel-de-moiry-grimentz-chambre-006.jpg 1000w, https:\/\/www.hotel-grimentz.ch\/demoiry\/wp-content\/uploads\/hotel-de-moiry-grimentz-chambre-006-250x167.jpg 250w, https:\/\/www.hotel-grimentz.ch\/demoiry\/wp-content\/uploads\/hotel-de-moiry-grimentz-chambre-006-768x512.jpg 768w, https:\/\/www.hotel-grimentz.ch\/demoiry\/wp-content\/uploads\/hotel-de-moiry-grimentz-chambre-006-580x387.jpg 580w, https:\/\/www.hotel-grimentz.ch\/demoiry\/wp-content\/uploads\/hotel-de-moiry-grimentz-chambre-006-705x470.jpg 705w, https:\/\/www.hotel-grimentz.ch\/demoiry\/wp-content\/uploads\/hotel-de-moiry-grimentz-chambre-006-450x300.jpg 450w\" sizes=\"(max-width: 1000px) 100vw, 1000px\" \/><\/div><\/li><li  class='avia-slideshow-slide av-jkpim841-a29d4a9dcce53bf9fdc7a3910fd059e2__1  slide-2 slide-even'><div data-rel='slideshow-1' class='avia-slide-wrap '   ><img decoding=\"async\" fetchpriority=\"high\" class=\"wp-image-20968 avia-img-lazy-loading-not-20968\"  src=\"https:\/\/www.hotel-grimentz.ch\/demoiry\/wp-content\/uploads\/hotel-de-moiry-grimentz-chambre-001.jpg\" width=\"1000\" height=\"667\" title='Hotel de Moiry Grimentz - Zimmer' alt='Hotel de Moiry Grimentz - Zimmer'  itemprop=\"thumbnailUrl\" srcset=\"https:\/\/www.hotel-grimentz.ch\/demoiry\/wp-content\/uploads\/hotel-de-moiry-grimentz-chambre-001.jpg 1000w, https:\/\/www.hotel-grimentz.ch\/demoiry\/wp-content\/uploads\/hotel-de-moiry-grimentz-chambre-001-250x167.jpg 250w, https:\/\/www.hotel-grimentz.ch\/demoiry\/wp-content\/uploads\/hotel-de-moiry-grimentz-chambre-001-768x512.jpg 768w, https:\/\/www.hotel-grimentz.ch\/demoiry\/wp-content\/uploads\/hotel-de-moiry-grimentz-chambre-001-580x387.jpg 580w, https:\/\/www.hotel-grimentz.ch\/demoiry\/wp-content\/uploads\/hotel-de-moiry-grimentz-chambre-001-705x470.jpg 705w, https:\/\/www.hotel-grimentz.ch\/demoiry\/wp-content\/uploads\/hotel-de-moiry-grimentz-chambre-001-450x300.jpg 450w\" sizes=\"(max-width: 1000px) 100vw, 1000px\" \/><\/div><\/li><li  class='avia-slideshow-slide av-jkpim841-a29d4a9dcce53bf9fdc7a3910fd059e2__2  slide-3 slide-odd'><div data-rel='slideshow-1' class='avia-slide-wrap '   ><img decoding=\"async\" fetchpriority=\"high\" class=\"wp-image-20974 avia-img-lazy-loading-not-20974\"  src=\"https:\/\/www.hotel-grimentz.ch\/demoiry\/wp-content\/uploads\/hotel-de-moiry-grimentz-chambre-003.jpg\" width=\"1000\" height=\"667\" title='Hotel de Moiry Grimentz - Zimmer' alt='Hotel de Moiry Grimentz - Zimmer'  itemprop=\"thumbnailUrl\" srcset=\"https:\/\/www.hotel-grimentz.ch\/demoiry\/wp-content\/uploads\/hotel-de-moiry-grimentz-chambre-003.jpg 1000w, https:\/\/www.hotel-grimentz.ch\/demoiry\/wp-content\/uploads\/hotel-de-moiry-grimentz-chambre-003-250x167.jpg 250w, https:\/\/www.hotel-grimentz.ch\/demoiry\/wp-content\/uploads\/hotel-de-moiry-grimentz-chambre-003-768x512.jpg 768w, https:\/\/www.hotel-grimentz.ch\/demoiry\/wp-content\/uploads\/hotel-de-moiry-grimentz-chambre-003-580x387.jpg 580w, https:\/\/www.hotel-grimentz.ch\/demoiry\/wp-content\/uploads\/hotel-de-moiry-grimentz-chambre-003-705x470.jpg 705w, https:\/\/www.hotel-grimentz.ch\/demoiry\/wp-content\/uploads\/hotel-de-moiry-grimentz-chambre-003-450x300.jpg 450w\" sizes=\"(max-width: 1000px) 100vw, 1000px\" \/><\/div><\/li><li  class='avia-slideshow-slide av-jkpim841-a29d4a9dcce53bf9fdc7a3910fd059e2__3  slide-4 slide-even'><div data-rel='slideshow-1' class='avia-slide-wrap '   ><img decoding=\"async\" fetchpriority=\"high\" class=\"wp-image-20977 avia-img-lazy-loading-not-20977\"  src=\"https:\/\/www.hotel-grimentz.ch\/demoiry\/wp-content\/uploads\/hotel-de-moiry-grimentz-chambre-004.jpg\" width=\"1000\" height=\"667\" title='Hotel de Moiry Grimentz - Zimmer' alt='Hotel de Moiry Grimentz - Zimmer'  itemprop=\"thumbnailUrl\" srcset=\"https:\/\/www.hotel-grimentz.ch\/demoiry\/wp-content\/uploads\/hotel-de-moiry-grimentz-chambre-004.jpg 1000w, https:\/\/www.hotel-grimentz.ch\/demoiry\/wp-content\/uploads\/hotel-de-moiry-grimentz-chambre-004-250x167.jpg 250w, https:\/\/www.hotel-grimentz.ch\/demoiry\/wp-content\/uploads\/hotel-de-moiry-grimentz-chambre-004-768x512.jpg 768w, https:\/\/www.hotel-grimentz.ch\/demoiry\/wp-content\/uploads\/hotel-de-moiry-grimentz-chambre-004-580x387.jpg 580w, https:\/\/www.hotel-grimentz.ch\/demoiry\/wp-content\/uploads\/hotel-de-moiry-grimentz-chambre-004-705x470.jpg 705w, https:\/\/www.hotel-grimentz.ch\/demoiry\/wp-content\/uploads\/hotel-de-moiry-grimentz-chambre-004-450x300.jpg 450w\" sizes=\"(max-width: 1000px) 100vw, 1000px\" \/><\/div><\/li><li  class='avia-slideshow-slide av-jkpim841-a29d4a9dcce53bf9fdc7a3910fd059e2__4  slide-5 slide-odd'><div data-rel='slideshow-1' class='avia-slide-wrap '   ><img decoding=\"async\" fetchpriority=\"high\" class=\"wp-image-23029 avia-img-lazy-loading-not-23029\"  src=\"https:\/\/www.hotel-grimentz.ch\/demoiry\/wp-content\/uploads\/doppelzimmer-01.jpg\" width=\"1000\" height=\"667\" title='Hotel de Moiry Grimentz - Zimmer' alt='Hotel de Moiry Grimentz - Zimmer'  itemprop=\"thumbnailUrl\" srcset=\"https:\/\/www.hotel-grimentz.ch\/demoiry\/wp-content\/uploads\/doppelzimmer-01.jpg 1000w, https:\/\/www.hotel-grimentz.ch\/demoiry\/wp-content\/uploads\/doppelzimmer-01-250x167.jpg 250w, https:\/\/www.hotel-grimentz.ch\/demoiry\/wp-content\/uploads\/doppelzimmer-01-580x387.jpg 580w, https:\/\/www.hotel-grimentz.ch\/demoiry\/wp-content\/uploads\/doppelzimmer-01-768x512.jpg 768w, https:\/\/www.hotel-grimentz.ch\/demoiry\/wp-content\/uploads\/doppelzimmer-01-705x470.jpg 705w\" sizes=\"(max-width: 1000px) 100vw, 1000px\" \/><\/div><\/li><li  class='avia-slideshow-slide av-jkpim841-a29d4a9dcce53bf9fdc7a3910fd059e2__5  slide-6 slide-even'><div data-rel='slideshow-1' class='avia-slide-wrap '   ><img decoding=\"async\" fetchpriority=\"high\" class=\"wp-image-23032 avia-img-lazy-loading-not-23032\"  src=\"https:\/\/www.hotel-grimentz.ch\/demoiry\/wp-content\/uploads\/doppelzimmer-detail.jpg\" width=\"1000\" height=\"667\" title='Hotel de Moiry Grimentz' alt='H\u00f4tel de Moiry Grimentz'  itemprop=\"thumbnailUrl\" srcset=\"https:\/\/www.hotel-grimentz.ch\/demoiry\/wp-content\/uploads\/doppelzimmer-detail.jpg 1000w, https:\/\/www.hotel-grimentz.ch\/demoiry\/wp-content\/uploads\/doppelzimmer-detail-250x167.jpg 250w, https:\/\/www.hotel-grimentz.ch\/demoiry\/wp-content\/uploads\/doppelzimmer-detail-580x387.jpg 580w, https:\/\/www.hotel-grimentz.ch\/demoiry\/wp-content\/uploads\/doppelzimmer-detail-768x512.jpg 768w, https:\/\/www.hotel-grimentz.ch\/demoiry\/wp-content\/uploads\/doppelzimmer-detail-705x470.jpg 705w\" sizes=\"(max-width: 1000px) 100vw, 1000px\" \/><\/div><\/li><\/ul><div class='avia-slideshow-arrows avia-slideshow-controls' ><a href='#prev' class='prev-slide ' aria-hidden='true' data-av_icon='\ue87c' data-av_iconfont='entypo-fontello'  tabindex='-1'>Zur\u00fcck<\/a><a href='#next' class='next-slide ' aria-hidden='true' data-av_icon='\ue87d' data-av_iconfont='entypo-fontello'  tabindex='-1'>Weiter<\/a><\/div><div class='avia-slideshow-dots avia-slideshow-controls'><a href='#1' class='goto-slide active' >1<\/a><a href='#2' class='goto-slide ' >2<\/a><a href='#3' class='goto-slide ' >3<\/a><a href='#4' class='goto-slide ' >4<\/a><a href='#5' class='goto-slide ' >5<\/a><a href='#6' class='goto-slide ' >6<\/a><\/div><\/div><\/div>\n<style type=\"text\/css\" data-created_by=\"avia_inline_auto\" id=\"style-css-av-2ennguh-0082e8e30445887b3a3a4dc3d7c87651\">\n.flex_column.av-2ennguh-0082e8e30445887b3a3a4dc3d7c87651{\nborder-radius:0px 0px 0px 0px;\npadding:0px 0px 0px 0px;\n}\n<\/style>\n<div  class='flex_column av-2ennguh-0082e8e30445887b3a3a4dc3d7c87651 av_one_half  avia-builder-el-5  el_after_av_one_half  el_before_av_one_full  av-break-at-tablet flex_column_div av-zero-column-padding  '     ><p><section  class='av_textblock_section av-jkmp3wlp-3c6859c063f01420d1d3764c85ff93e6 '   itemscope=\"itemscope\" itemtype=\"https:\/\/schema.org\/CreativeWork\" ><div class='avia_textblock'  itemprop=\"text\" ><p>Profitieren Sie von unseren in 2018 neu renovierten Zimmer und geniessen Sie Ihre Ferien in der gesunden Walliser Bergluft.<\/p>\n<\/div><\/section><br \/>\n<section  class='av_textblock_section av-jkmp3wlp-4-58617a0df461dc31f9c1b8463eefc1e0 '   itemscope=\"itemscope\" itemtype=\"https:\/\/schema.org\/CreativeWork\" ><div class='avia_textblock'  itemprop=\"text\" ><p>In all useren gem\u00fctlichen Zimmern schlafen Sie in super bequemen <strong>Boxspring<\/strong> (90x200cm) Betten. In jedem Zimmer finden Sie eine grosse beleuchtete Tierphoto aus unserer einheimischen Bergfauna. Entdecken Sie welches Tier Sie w\u00e4hrend Ihrem Aufenthalt begleitet.<\/p>\n<p>Alle unsere Hotelzimmer sind mit Arven-, L\u00e4rchen- und Tannenholz gestaltet, wodurch Sie sich wie in unseren Bergw\u00e4ldern f\u00fchlen. Die Zimmer sind alle mit privatem Badezimmer, Zimmertresor, Flachbildschirm TV, Radio,\u00a0Haartrockner und freiem WIFI ausgestattet.<\/p>\n<\/div><\/section><\/p><\/div><div  class='flex_column av-av_one_full-41ee899840124b6993b57a87f996c353 av_one_full  avia-builder-el-8  el_after_av_one_half  avia-builder-el-last  first flex_column_div  column-top-margin'     ><\/div>\n","protected":false},"excerpt":{"rendered":"","protected":false},"author":4,"featured_media":16714,"parent":0,"menu_order":17,"comment_status":"closed","ping_status":"closed","template":"","meta":{"footnotes":"","_links_to":"","_links_to_target":""},"class_list":["post-17225","page","type-page","status-publish","has-post-thumbnail","hentry"],"yoast_head":"<!-- This site is optimized with the Yoast SEO plugin v27.5 - https:\/\/yoast.com\/product\/yoast-seo-wordpress\/ -->\n<title>Hotelzimmer, G\u00e4stezimmer in Grimentz im Herzens Wallis - Hotel de Moiry<\/title>\n<meta name=\"description\" content=\"Unsere Hotelzimmer, G\u00e4stezimmer in Grimentz sind mit Arven-, L\u00e4rchen- und Tannenholz vollendet. Alle Zimmer sind direkt online buchbar.\" \/>\n<meta name=\"robots\" content=\"index, follow, max-snippet:-1, max-image-preview:large, max-video-preview:-1\" \/>\n<link rel=\"canonical\" href=\"https:\/\/www.hotel-grimentz.ch\/de\/zimmer\/\" \/>\n<meta property=\"og:locale\" content=\"de_DE\" \/>\n<meta property=\"og:type\" content=\"article\" \/>\n<meta property=\"og:title\" content=\"Hotelzimmer, G\u00e4stezimmer in Grimentz im Herzens Wallis - Hotel de Moiry\" \/>\n<meta property=\"og:description\" content=\"Unsere Hotelzimmer, G\u00e4stezimmer in Grimentz sind mit Arven-, L\u00e4rchen- und Tannenholz vollendet. Alle Zimmer sind direkt online buchbar.\" \/>\n<meta property=\"og:url\" content=\"https:\/\/www.hotel-grimentz.ch\/de\/zimmer\/\" \/>\n<meta property=\"og:site_name\" content=\"H\u00f4tel *** Restaurant de Moiry\" \/>\n<meta property=\"article:modified_time\" content=\"2025-09-09T22:39:12+00:00\" \/>\n<meta property=\"og:image\" content=\"https:\/\/www.hotel-grimentz.ch\/demoiry\/wp-content\/uploads\/Diapo-03390.jpg\" \/>\n\t<meta property=\"og:image:width\" content=\"1500\" \/>\n\t<meta property=\"og:image:height\" content=\"1001\" \/>\n\t<meta property=\"og:image:type\" content=\"image\/jpeg\" \/>\n<meta name=\"twitter:card\" content=\"summary_large_image\" \/>\n<meta name=\"twitter:label1\" content=\"Gesch\u00e4tzte Lesezeit\" \/>\n\t<meta name=\"twitter:data1\" content=\"5\u00a0Minuten\" \/>\n<script type=\"application\/ld+json\" class=\"yoast-schema-graph\">{\"@context\":\"https:\\\/\\\/schema.org\",\"@graph\":[{\"@type\":\"WebPage\",\"@id\":\"https:\\\/\\\/www.hotel-grimentz.ch\\\/de\\\/zimmer\\\/\",\"url\":\"https:\\\/\\\/www.hotel-grimentz.ch\\\/de\\\/zimmer\\\/\",\"name\":\"Hotelzimmer, G\u00e4stezimmer in Grimentz im Herzens Wallis - Hotel de Moiry\",\"isPartOf\":{\"@id\":\"https:\\\/\\\/www.hotel-grimentz.ch\\\/#website\"},\"primaryImageOfPage\":{\"@id\":\"https:\\\/\\\/www.hotel-grimentz.ch\\\/de\\\/zimmer\\\/#primaryimage\"},\"image\":{\"@id\":\"https:\\\/\\\/www.hotel-grimentz.ch\\\/de\\\/zimmer\\\/#primaryimage\"},\"thumbnailUrl\":\"https:\\\/\\\/www.hotel-grimentz.ch\\\/demoiry\\\/wp-content\\\/uploads\\\/Diapo-03390.jpg\",\"datePublished\":\"2015-09-25T09:26:21+00:00\",\"dateModified\":\"2025-09-09T22:39:12+00:00\",\"description\":\"Unsere Hotelzimmer, G\u00e4stezimmer in Grimentz sind mit Arven-, L\u00e4rchen- und Tannenholz vollendet. Alle Zimmer sind direkt online buchbar.\",\"breadcrumb\":{\"@id\":\"https:\\\/\\\/www.hotel-grimentz.ch\\\/de\\\/zimmer\\\/#breadcrumb\"},\"inLanguage\":\"de\",\"potentialAction\":[{\"@type\":\"ReadAction\",\"target\":[\"https:\\\/\\\/www.hotel-grimentz.ch\\\/de\\\/zimmer\\\/\"]}]},{\"@type\":\"ImageObject\",\"inLanguage\":\"de\",\"@id\":\"https:\\\/\\\/www.hotel-grimentz.ch\\\/de\\\/zimmer\\\/#primaryimage\",\"url\":\"https:\\\/\\\/www.hotel-grimentz.ch\\\/demoiry\\\/wp-content\\\/uploads\\\/Diapo-03390.jpg\",\"contentUrl\":\"https:\\\/\\\/www.hotel-grimentz.ch\\\/demoiry\\\/wp-content\\\/uploads\\\/Diapo-03390.jpg\",\"width\":1500,\"height\":1001,\"caption\":\"Chambre r\u00e9nov\u00e9e 2015\"},{\"@type\":\"BreadcrumbList\",\"@id\":\"https:\\\/\\\/www.hotel-grimentz.ch\\\/de\\\/zimmer\\\/#breadcrumb\",\"itemListElement\":[{\"@type\":\"ListItem\",\"position\":1,\"name\":\"Startseite\",\"item\":\"https:\\\/\\\/www.hotel-grimentz.ch\\\/de\\\/\"},{\"@type\":\"ListItem\",\"position\":2,\"name\":\"Unsere Hotelzimmer\"}]},{\"@type\":\"WebSite\",\"@id\":\"https:\\\/\\\/www.hotel-grimentz.ch\\\/#website\",\"url\":\"https:\\\/\\\/www.hotel-grimentz.ch\\\/\",\"name\":\"H\u00f4tel *** Restaurant de Moiry\",\"description\":\"Walliser Gastfreundschaft in den Walliser Alpen\",\"potentialAction\":[{\"@type\":\"SearchAction\",\"target\":{\"@type\":\"EntryPoint\",\"urlTemplate\":\"https:\\\/\\\/www.hotel-grimentz.ch\\\/?s={search_term_string}\"},\"query-input\":{\"@type\":\"PropertyValueSpecification\",\"valueRequired\":true,\"valueName\":\"search_term_string\"}}],\"inLanguage\":\"de\"}]}<\/script>\n<!-- \/ Yoast SEO plugin. -->","yoast_head_json":{"title":"Hotelzimmer, G\u00e4stezimmer in Grimentz im Herzens Wallis - Hotel de Moiry","description":"Unsere Hotelzimmer, G\u00e4stezimmer in Grimentz sind mit Arven-, L\u00e4rchen- und Tannenholz vollendet. Alle Zimmer sind direkt online buchbar.","robots":{"index":"index","follow":"follow","max-snippet":"max-snippet:-1","max-image-preview":"max-image-preview:large","max-video-preview":"max-video-preview:-1"},"canonical":"https:\/\/www.hotel-grimentz.ch\/de\/zimmer\/","og_locale":"de_DE","og_type":"article","og_title":"Hotelzimmer, G\u00e4stezimmer in Grimentz im Herzens Wallis - Hotel de Moiry","og_description":"Unsere Hotelzimmer, G\u00e4stezimmer in Grimentz sind mit Arven-, L\u00e4rchen- und Tannenholz vollendet. Alle Zimmer sind direkt online buchbar.","og_url":"https:\/\/www.hotel-grimentz.ch\/de\/zimmer\/","og_site_name":"H\u00f4tel *** Restaurant de Moiry","article_modified_time":"2025-09-09T22:39:12+00:00","og_image":[{"width":1500,"height":1001,"url":"https:\/\/www.hotel-grimentz.ch\/demoiry\/wp-content\/uploads\/Diapo-03390.jpg","type":"image\/jpeg"}],"twitter_card":"summary_large_image","twitter_misc":{"Gesch\u00e4tzte Lesezeit":"5\u00a0Minuten"},"schema":{"@context":"https:\/\/schema.org","@graph":[{"@type":"WebPage","@id":"https:\/\/www.hotel-grimentz.ch\/de\/zimmer\/","url":"https:\/\/www.hotel-grimentz.ch\/de\/zimmer\/","name":"Hotelzimmer, G\u00e4stezimmer in Grimentz im Herzens Wallis - Hotel de Moiry","isPartOf":{"@id":"https:\/\/www.hotel-grimentz.ch\/#website"},"primaryImageOfPage":{"@id":"https:\/\/www.hotel-grimentz.ch\/de\/zimmer\/#primaryimage"},"image":{"@id":"https:\/\/www.hotel-grimentz.ch\/de\/zimmer\/#primaryimage"},"thumbnailUrl":"https:\/\/www.hotel-grimentz.ch\/demoiry\/wp-content\/uploads\/Diapo-03390.jpg","datePublished":"2015-09-25T09:26:21+00:00","dateModified":"2025-09-09T22:39:12+00:00","description":"Unsere Hotelzimmer, G\u00e4stezimmer in Grimentz sind mit Arven-, L\u00e4rchen- und Tannenholz vollendet. Alle Zimmer sind direkt online buchbar.","breadcrumb":{"@id":"https:\/\/www.hotel-grimentz.ch\/de\/zimmer\/#breadcrumb"},"inLanguage":"de","potentialAction":[{"@type":"ReadAction","target":["https:\/\/www.hotel-grimentz.ch\/de\/zimmer\/"]}]},{"@type":"ImageObject","inLanguage":"de","@id":"https:\/\/www.hotel-grimentz.ch\/de\/zimmer\/#primaryimage","url":"https:\/\/www.hotel-grimentz.ch\/demoiry\/wp-content\/uploads\/Diapo-03390.jpg","contentUrl":"https:\/\/www.hotel-grimentz.ch\/demoiry\/wp-content\/uploads\/Diapo-03390.jpg","width":1500,"height":1001,"caption":"Chambre r\u00e9nov\u00e9e 2015"},{"@type":"BreadcrumbList","@id":"https:\/\/www.hotel-grimentz.ch\/de\/zimmer\/#breadcrumb","itemListElement":[{"@type":"ListItem","position":1,"name":"Startseite","item":"https:\/\/www.hotel-grimentz.ch\/de\/"},{"@type":"ListItem","position":2,"name":"Unsere Hotelzimmer"}]},{"@type":"WebSite","@id":"https:\/\/www.hotel-grimentz.ch\/#website","url":"https:\/\/www.hotel-grimentz.ch\/","name":"H\u00f4tel *** Restaurant de Moiry","description":"Walliser Gastfreundschaft in den Walliser Alpen","potentialAction":[{"@type":"SearchAction","target":{"@type":"EntryPoint","urlTemplate":"https:\/\/www.hotel-grimentz.ch\/?s={search_term_string}"},"query-input":{"@type":"PropertyValueSpecification","valueRequired":true,"valueName":"search_term_string"}}],"inLanguage":"de"}]}},"publishpress_future_action":{"enabled":false,"date":"2026-05-09 02:46:12","action":"change-status","newStatus":"draft","terms":[],"taxonomy":"translation_priority","extraData":[]},"publishpress_future_workflow_manual_trigger":{"enabledWorkflows":[]},"_links":{"self":[{"href":"https:\/\/www.hotel-grimentz.ch\/de\/wp-json\/wp\/v2\/pages\/17225","targetHints":{"allow":["GET"]}}],"collection":[{"href":"https:\/\/www.hotel-grimentz.ch\/de\/wp-json\/wp\/v2\/pages"}],"about":[{"href":"https:\/\/www.hotel-grimentz.ch\/de\/wp-json\/wp\/v2\/types\/page"}],"author":[{"embeddable":true,"href":"https:\/\/www.hotel-grimentz.ch\/de\/wp-json\/wp\/v2\/users\/4"}],"replies":[{"embeddable":true,"href":"https:\/\/www.hotel-grimentz.ch\/de\/wp-json\/wp\/v2\/comments?post=17225"}],"version-history":[{"count":44,"href":"https:\/\/www.hotel-grimentz.ch\/de\/wp-json\/wp\/v2\/pages\/17225\/revisions"}],"predecessor-version":[{"id":26082,"href":"https:\/\/www.hotel-grimentz.ch\/de\/wp-json\/wp\/v2\/pages\/17225\/revisions\/26082"}],"wp:featuredmedia":[{"embeddable":true,"href":"https:\/\/www.hotel-grimentz.ch\/de\/wp-json\/wp\/v2\/media\/16714"}],"wp:attachment":[{"href":"https:\/\/www.hotel-grimentz.ch\/de\/wp-json\/wp\/v2\/media?parent=17225"}],"curies":[{"name":"wp","href":"https:\/\/api.w.org\/{rel}","templated":true}]}}